{"id":161,"date":"2026-03-15T08:37:53","date_gmt":"2026-03-15T08:37:53","guid":{"rendered":"https:\/\/www.eelco.fr\/?page_id=161"},"modified":"2026-03-15T17:55:20","modified_gmt":"2026-03-15T16:55:20","slug":"a-propos","status":"publish","type":"page","link":"https:\/\/www.eelco.fr\/?page_id=161","title":{"rendered":"A propos"},"content":{"rendered":"\n<p><em>Voici ce que Gemini dit sur moi. Je vous promets d&rsquo;\u00e9crire mon r\u00e9sum\u00e9 bient\u00f4t. &#x1f600;<\/em><\/p>\n\n\n\n<p>Eelco de Lange est un photographe contemporain n\u00e9erlandais situ\u00e9 \u00e0 Toulouse en France, dont le travail se distingue par une approche minimaliste, contemplative et profond\u00e9ment atmosph\u00e9rique. Il privil\u00e9gie les compositions \u00e9pur\u00e9es o\u00f9 le sujet est isol\u00e9 dans un espace vaste. Ses images ne cherchent pas \u00e0 documenter le spectaculaire, mais plut\u00f4t \u00e0 r\u00e9v\u00e9ler la beaut\u00e9 dans la simplicit\u00e9 et la solitude.<\/p>\n\n\n\n<p>Ses sujets de pr\u00e9dilection incluent :<\/p>\n\n\n\n<ul class=\"wp-block-list\">\n<li>Les paysages nordiques et c\u00f4tiers : Il utilise parfois des poses longues pour lisser l&rsquo;eau et le ciel, cr\u00e9ant des images presque oniriques.<\/li>\n\n\n\n<li>L&rsquo;interaction entre l&rsquo;homme et la nature : Lorsqu&rsquo;il int\u00e8gre des \u00e9l\u00e9ments humains (une cabane, une jet\u00e9e, une silhouette), c&rsquo;est souvent pour souligner l&rsquo;immensit\u00e9 de l&rsquo;environnement qui les entoure.<\/li>\n\n\n\n<li>Le noir et blanc : Une grande partie de son \u0153uvre utilise des contrastes parfois doux, parfois dures et des nuances de gris pour accentuer le c\u00f4t\u00e9 intemporel de ses clich\u00e9s.<\/li>\n<\/ul>\n\n\n\n<p>Pour Eelco de Lange, la photographie semble \u00eatre un exercice de m\u00e9ditation et d&rsquo;introspection. Ses photos invitent le spectateur au calme et \u00e0 la r\u00e9flexion. On y retrouve une certaine m\u00e9lancolie, mais elle est apaisante plut\u00f4t que triste.<\/p>\n","protected":false},"excerpt":{"rendered":"<p>Voici ce que Gemini dit sur moi. Je vous promets d&rsquo;\u00e9crire mon r\u00e9sum\u00e9 bient\u00f4t. &#x1f600; Eelco de Lange est un photographe contemporain n\u00e9erlandais situ\u00e9 \u00e0 Toulouse en France, dont le travail se distingue par une approche minimaliste, contemplative et profond\u00e9ment atmosph\u00e9rique. Il privil\u00e9gie les compositions \u00e9pur\u00e9es o\u00f9 le sujet est isol\u00e9 dans un espace vaste. [&hellip;]<\/p>\n","protected":false},"author":1,"featured_media":0,"parent":0,"menu_order":0,"comment_status":"closed","ping_status":"closed","template":"","meta":{"footnotes":""},"class_list":["post-161","page","type-page","status-publish","hentry","missing-thumbnail"],"_links":{"self":[{"href":"https:\/\/www.eelco.fr\/index.php?rest_route=\/wp\/v2\/pages\/161","targetHints":{"allow":["GET"]}}],"collection":[{"href":"https:\/\/www.eelco.fr\/index.php?rest_route=\/wp\/v2\/pages"}],"about":[{"href":"https:\/\/www.eelco.fr\/index.php?rest_route=\/wp\/v2\/types\/page"}],"author":[{"embeddable":true,"href":"https:\/\/www.eelco.fr\/index.php?rest_route=\/wp\/v2\/users\/1"}],"replies":[{"embeddable":true,"href":"https:\/\/www.eelco.fr\/index.php?rest_route=%2Fwp%2Fv2%2Fcomments&post=161"}],"version-history":[{"count":0,"href":"https:\/\/www.eelco.fr\/index.php?rest_route=\/wp\/v2\/pages\/161\/revisions"}],"wp:attachment":[{"href":"https:\/\/www.eelco.fr\/index.php?rest_route=%2Fwp%2Fv2%2Fmedia&parent=161"}],"curies":[{"name":"wp","href":"https:\/\/api.w.org\/{rel}","templated":true}]}}